{"id":482,"date":"2024-02-22T08:53:41","date_gmt":"2024-02-22T13:53:41","guid":{"rendered":"https:\/\/peru-amazonico.de\/?page_id=482"},"modified":"2024-02-25T09:35:42","modified_gmt":"2024-02-25T14:35:42","slug":"amazonien","status":"publish","type":"page","link":"https:\/\/peru-amazonico.de\/es\/kultur\/amazonien\/","title":{"rendered":"Amazon\u00eda"},"content":{"rendered":"<div data-elementor-type=\"wp-page\" data-elementor-id=\"482\" class=\"elementor elementor-482\" data-elementor-post-type=\"page\">\n\t\t\t\t\t\t<section class=\"elementor-section elementor-top-section elementor-element elementor-element-5a707ca elementor-section-boxed elementor-section-height-default elementor-section-height-default\" data-id=\"5a707ca\" data-element_type=\"section\" data-settings=\"{&quot;background_background&quot;:&quot;classic&quot;}\">\n\t\t\t\t\t\t\t<div class=\"elementor-background-overlay\"><\/div>\n\t\t\t\t\t\t\t<div class=\"elementor-container elementor-column-gap-default\">\n\t\t\t\t\t<div class=\"elementor-column elementor-col-100 elementor-top-column elementor-element elementor-element-b0b59a9\" data-id=\"b0b59a9\" data-element_type=\"column\" data-settings=\"{&quot;background_background&quot;:&quot;classic&quot;}\">\n\t\t\t<div class=\"elementor-widget-wrap elementor-element-populated\">\n\t\t\t\t\t\t<section class=\"elementor-section elementor-inner-section elementor-element elementor-element-69290f0 elementor-section-boxed elementor-section-height-default elementor-section-height-default elementor-invisible\" data-id=\"69290f0\" data-element_type=\"section\" data-settings=\"{&quot;background_background&quot;:&quot;classic&quot;,&quot;animation&quot;:&quot;zoomIn&quot;}\">\n\t\t\t\t\t\t<div class=\"elementor-container elementor-column-gap-default\">\n\t\t\t\t\t<div class=\"elementor-column elementor-col-100 elementor-inner-column elementor-element elementor-element-011b47b\" data-id=\"011b47b\" data-element_type=\"column\">\n\t\t\t<div class=\"elementor-widget-wrap elementor-element-populated\">\n\t\t\t\t\t\t<div class=\"elementor-element elementor-element-f53e9d3 animated-fast elementor-invisible elementor-widget elementor-widget-heading\" data-id=\"f53e9d3\" data-element_type=\"widget\" data-settings=\"{&quot;_animation&quot;:&quot;fadeInDown&quot;,&quot;_animation_delay&quot;:400}\" data-widget_type=\"heading.default\">\n\t\t\t\t<div class=\"elementor-widget-container\">\n\t\t\t\t\t<h1 class=\"elementor-heading-title elementor-size-default\">Amazon\u00eda<\/h1>\t\t\t\t<\/div>\n\t\t\t\t<\/div>\n\t\t\t\t\t<\/div>\n\t\t<\/div>\n\t\t\t\t\t<\/div>\n\t\t<\/section>\n\t\t\t\t\t<\/div>\n\t\t<\/div>\n\t\t\t\t\t<\/div>\n\t\t<\/section>\n\t\t\t\t<section class=\"elementor-section elementor-top-section elementor-element elementor-element-a2d0a20 elementor-section-content-middle elementor-section-boxed elementor-section-height-default elementor-section-height-default\" data-id=\"a2d0a20\" data-element_type=\"section\" data-settings=\"{&quot;background_background&quot;:&quot;classic&quot;}\">\n\t\t\t\t\t\t<div class=\"elementor-container elementor-column-gap-default\">\n\t\t\t\t\t<div class=\"elementor-column elementor-col-50 elementor-top-column elementor-element elementor-element-ad21e4b elementor-invisible\" data-id=\"ad21e4b\" data-element_type=\"column\" data-settings=\"{&quot;animation&quot;:&quot;fadeInLeft&quot;}\">\n\t\t\t<div class=\"elementor-widget-wrap elementor-element-populated\">\n\t\t\t\t\t\t<div class=\"elementor-element elementor-element-ad1ab74 elementor-widget elementor-widget-text-editor\" data-id=\"ad1ab74\" data-element_type=\"widget\" data-widget_type=\"text-editor.default\">\n\t\t\t\t<div class=\"elementor-widget-container\">\n\t\t\t\t\t\t\t\t\t<p>Este sitio es el lugar para todo lo especial que los escritores asocian con la Amazonia. Pueden ser todo tipo de experiencias, observaciones, explicaciones, vivencias, pensamientos. Contamos con las p\u00e1ginas de proyectos para noticias y eventos, y la p\u00e1gina de Colaboraci\u00f3n para informes, estudios y reflexiones que se derivan de la pr\u00e1ctica. Aqu\u00ed es el lugar para temas que no est\u00e1n impulsados por los acontecimientos actuales del d\u00eda, puede ser sobre comida y bebida, sobre costumbres y costumbres, sobre la descripci\u00f3n de la naturaleza y, y, y...<\/p><p>La cuenca del Amazonas es conocida por tener la mayor biodiversidad en muchas \u00e1reas. Una vez que hayas vivido aqu\u00ed por un tiempo, no podr\u00e1s escapar de la magia de este espacio. En Amigos del Per\u00fa Amaz\u00f3nico, numerosos miembros tienen compa\u00f1eros de vida peruanos de esta zona. Nos gustar\u00eda contagiar un poco a nuestros lectores present\u00e1ndoles gradualmente tesoros especiales de la habitaci\u00f3n.<\/p>\t\t\t\t\t\t\t\t<\/div>\n\t\t\t\t<\/div>\n\t\t\t\t\t<\/div>\n\t\t<\/div>\n\t\t\t\t<div class=\"elementor-column elementor-col-50 elementor-top-column elementor-element elementor-element-46063a8 elementor-invisible\" data-id=\"46063a8\" data-element_type=\"column\" data-settings=\"{&quot;background_background&quot;:&quot;gradient&quot;,&quot;animation&quot;:&quot;fadeInRight&quot;}\">\n\t\t\t<div class=\"elementor-widget-wrap elementor-element-populated\">\n\t\t\t\t\t\t<div class=\"elementor-element elementor-element-14a135f elementor-widget elementor-widget-image\" data-id=\"14a135f\" data-element_type=\"widget\" data-widget_type=\"image.default\">\n\t\t\t\t<div class=\"elementor-widget-container\">\n\t\t\t\t\t\t\t\t\t\t\t\t\t\t\t<img fetchpriority=\"high\" decoding=\"async\" width=\"1300\" height=\"865\" src=\"https:\/\/peru-amazonico.de\/wp-content\/uploads\/2024\/02\/ivars-utinans-vkQgb1lZZPQ-unsplash.jpg\" class=\"attachment-full size-full wp-image-134\" alt=\"\" srcset=\"https:\/\/peru-amazonico.de\/wp-content\/uploads\/2024\/02\/ivars-utinans-vkQgb1lZZPQ-unsplash.jpg 1300w, https:\/\/peru-amazonico.de\/wp-content\/uploads\/2024\/02\/ivars-utinans-vkQgb1lZZPQ-unsplash-300x200.jpg 300w, https:\/\/peru-amazonico.de\/wp-content\/uploads\/2024\/02\/ivars-utinans-vkQgb1lZZPQ-unsplash-1024x681.jpg 1024w, https:\/\/peru-amazonico.de\/wp-content\/uploads\/2024\/02\/ivars-utinans-vkQgb1lZZPQ-unsplash-768x511.jpg 768w\" sizes=\"(max-width: 1300px) 100vw, 1300px\" \/>\t\t\t\t\t\t\t\t\t\t\t\t\t\t\t<\/div>\n\t\t\t\t<\/div>\n\t\t\t\t\t<\/div>\n\t\t<\/div>\n\t\t\t\t\t<\/div>\n\t\t<\/section>\n\t\t\t\t<section class=\"elementor-section elementor-top-section elementor-element elementor-element-3bced5e elementor-section-boxed elementor-section-height-default elementor-section-height-default\" data-id=\"3bced5e\" data-element_type=\"section\">\n\t\t\t\t\t\t<div class=\"elementor-container elementor-column-gap-default\">\n\t\t\t\t\t<div class=\"elementor-column elementor-col-100 elementor-top-column elementor-element elementor-element-eda7d41\" data-id=\"eda7d41\" data-element_type=\"column\">\n\t\t\t<div class=\"elementor-widget-wrap elementor-element-populated\">\n\t\t\t\t\t\t<div class=\"elementor-element elementor-element-642bd96 asd-posts elementor-widget elementor-widget-elementskit-blog-posts\" data-id=\"642bd96\" data-element_type=\"widget\" data-widget_type=\"elementskit-blog-posts.default\">\n\t\t\t\t<div class=\"elementor-widget-container\">\n\t\t\t\t\t<div class=\"ekit-wid-con\" >        <div id=\"post-items--642bd96\" class=\"row post-items\">\n                    <div class=\"col-lg-4 col-md-6\">\n\n                                    <div class=\"elementskit-post-image-card\">\n                        <div class=\"elementskit-entry-header\">\n                                                            <a href=\"https:\/\/peru-amazonico.de\/es\/aktuelles\/ungeheuerlicher-umweltfrevel-am-yuyapichis-fluss\/\" class=\"elementskit-entry-thumb\">\n                                    <img decoding=\"async\" data-src=\"https:\/\/peru-amazonico.de\/wp-content\/uploads\/2025\/11\/011-Yuyapichis-2.jpg\" alt=\"Ungeheuerlicher Umweltfrevel am Yuyapichis Fluss\" src=\"data:image\/gif;base64,R0lGODlhAQABAAAAACH5BAEKAAEALAAAAAABAAEAAAICTAEAOw==\" class=\"lazyload\" style=\"--smush-placeholder-width: 1024px; --smush-placeholder-aspect-ratio: 1024\/576;\">\n                                <\/a><!-- .elementskit-entry-thumb END -->\n                                                                                                    <div class=\"elementskit-meta-lists elementskit-style-tag\">\n                                        <div class=\"elementskit-single-meta triangle_left\"><span class=\"elementskit-meta-wraper\"><strong>07<\/strong>Noviembre<\/span><\/div>\n                                    <\/div>\n                                                                                            \n                            \n\t\t\t\t\t\t\t\t\t\t\t\t\t<\/div><!-- .elementskit-entry-header END -->\n\n\t\t\t\t\t\t<div class=\"elementskit-post-body\">\n\t\t\t\t\t\t\t\n\t\t\t\t\t\t\t\t\t\t\t\t\t\t\t\t\t\t\t\t\t\t\t\t\t\t\t\t<div class=\"post-meta-list\">\n\t\t\t\t\t\t\t\t\t\t\t\t\t\t\t\t\t\t\t\t\t\t\t\t\t\t\t\t\t\t\t\t\t\t\t\t\t\t\t\t<span class=\"post-cat\">\n\t\t\t\t\t\t\t\t\t\t<i aria-hidden=\"true\" class=\"icon icon-folder\"><\/i>\t\t\t\t\t\t\t\t\t\t<a href=\"https:\/\/peru-amazonico.de\/es\/category\/aktuelles\/\" rel=\"category tag\">Actualidad<\/a> | <a href=\"https:\/\/peru-amazonico.de\/es\/category\/kultur\/amazonien\/\" rel=\"category tag\">Amazon\u00eda<\/a>\t\t\t\t\t\t\t\t\t<\/span>\n\t\t\t\t\t\t\t\t\t\t\t\t\t\t\t\t\t\t\t\t\t\t\t\t\t\t\t\t\t<\/div>\n\t\t\t\t\t\t\t\t\t\t\t\t\t\n\t\t\t\t\t\t\t\t\n\t\t\t\t\t\t\t\t\t\t\t\t\t\t\t\t\t\t\t\t\t<h2 class=\"entry-title\">\n\t\t\t\t\t<a href=\"https:\/\/peru-amazonico.de\/es\/aktuelles\/ungeheuerlicher-umweltfrevel-am-yuyapichis-fluss\/\">\n\t\t\t\t\t\tUngeheuerlicher Umweltfrevel am Yuyapichis Fluss\t\t\t\t\t<\/a>\n\t\t\t\t<\/h2>\n\t\t\t\t\t\t\t\t\t\t\t\t\t\t\t\t\t\t\t\t\t\t\t\t\t\t\t\t\t\t\t\t\t\t\t\t\t\t\t\t\t\t<p>Seit einigen Monaten haben illegale Goldsucher mit Baggern, Radladern und anderem schwerem Ger\u00e4t das Flussbett des Yuyapichis umgepfl\u00fcgt. Auf der&hellip;<\/p>\n\t\t\t\t\t\t\t\t\t\t\t\t\t\t\t\t\t\t\t\t\t\t                                                            <div class=\"btn-wraper\">\n                                    \n                                                                            <a class=\"elementskit-btn whitespace--normal\" id=\"\" href=\"https:\/\/peru-amazonico.de\/es\/aktuelles\/ungeheuerlicher-umweltfrevel-am-yuyapichis-fluss\/\">\n                                        \t                                            Leer m\u00e1s                                        <\/a>\n                                                                    <\/div>\n                                                    <\/div><!-- .elementskit-post-body END -->\n                    <\/div>\n                \n            <\/div>\n                    <div class=\"col-lg-4 col-md-6\">\n\n                                    <div class=\"elementskit-post-image-card\">\n                        <div class=\"elementskit-entry-header\">\n                                                            <a href=\"https:\/\/peru-amazonico.de\/es\/kultur\/amazonien\/weitere-schwere-menschenrechtsverletzungen-in-amazonasregionen-perus\/\" class=\"elementskit-entry-thumb\">\n                                    <img decoding=\"async\" data-src=\"https:\/\/peru-amazonico.de\/wp-content\/uploads\/2024\/02\/DSC03001k.jpg\" alt=\"Weitere schwere Menschenrechtsverletzungen in Amazonasregionen Perus\" src=\"data:image\/gif;base64,R0lGODlhAQABAAAAACH5BAEKAAEALAAAAAABAAEAAAICTAEAOw==\" class=\"lazyload\" style=\"--smush-placeholder-width: 867px; --smush-placeholder-aspect-ratio: 867\/1024;\">\n                                <\/a><!-- .elementskit-entry-thumb END -->\n                                                                                                    <div class=\"elementskit-meta-lists elementskit-style-tag\">\n                                        <div class=\"elementskit-single-meta triangle_left\"><span class=\"elementskit-meta-wraper\"><strong>22<\/strong>abril<\/span><\/div>\n                                    <\/div>\n                                                                                            \n                            \n\t\t\t\t\t\t\t\t\t\t\t\t\t<\/div><!-- .elementskit-entry-header END -->\n\n\t\t\t\t\t\t<div class=\"elementskit-post-body\">\n\t\t\t\t\t\t\t\n\t\t\t\t\t\t\t\t\t\t\t\t\t\t\t\t\t\t\t\t\t\t\t\t\t\t\t\t<div class=\"post-meta-list\">\n\t\t\t\t\t\t\t\t\t\t\t\t\t\t\t\t\t\t\t\t\t\t\t\t\t\t\t\t\t\t\t\t\t\t\t\t\t\t\t\t<span class=\"post-cat\">\n\t\t\t\t\t\t\t\t\t\t<i aria-hidden=\"true\" class=\"icon icon-folder\"><\/i>\t\t\t\t\t\t\t\t\t\t<a href=\"https:\/\/peru-amazonico.de\/es\/category\/kultur\/amazonien\/\" rel=\"category tag\">Amazon\u00eda<\/a>\t\t\t\t\t\t\t\t\t<\/span>\n\t\t\t\t\t\t\t\t\t\t\t\t\t\t\t\t\t\t\t\t\t\t\t\t\t\t\t\t\t<\/div>\n\t\t\t\t\t\t\t\t\t\t\t\t\t\n\t\t\t\t\t\t\t\t\n\t\t\t\t\t\t\t\t\t\t\t\t\t\t\t\t\t\t\t\t\t<h2 class=\"entry-title\">\n\t\t\t\t\t<a href=\"https:\/\/peru-amazonico.de\/es\/kultur\/amazonien\/weitere-schwere-menschenrechtsverletzungen-in-amazonasregionen-perus\/\">\n\t\t\t\t\t\tOtras violaciones graves de derechos humanos en las regiones amaz\u00f3nicas del Per\u00fa\t\t\t\t\t<\/a>\n\t\t\t\t<\/h2>\n\t\t\t\t\t\t\t\t\t\t\t\t\t\t\t\t\t\t\t\t\t\t\t\t\t\t\t\t\t\t\t\t\t\t\t\t\t\t\t\t\t\t<p>Berichten der Indigenen-Organisationen AIDESEP-Ucayali (ORAU) sowie ARPI-SC und der Ombudsstelle \u201aDefensor\u00eda del Pueblo\u2018 zufolge wurden am 20.3. 2022 der Indigenen-Vertreter&hellip;<\/p>\n\t\t\t\t\t\t\t\t\t\t\t\t\t\t\t\t\t\t\t\t\t\t                                                            <div class=\"btn-wraper\">\n                                    \n                                                                            <a class=\"elementskit-btn whitespace--normal\" id=\"\" href=\"https:\/\/peru-amazonico.de\/es\/kultur\/amazonien\/weitere-schwere-menschenrechtsverletzungen-in-amazonasregionen-perus\/\">\n                                        \t                                            Leer m\u00e1s                                        <\/a>\n                                                                    <\/div>\n                                                    <\/div><!-- .elementskit-post-body END -->\n                    <\/div>\n                \n            <\/div>\n                <\/div>\n       <\/div>\t\t\t\t<\/div>\n\t\t\t\t<\/div>\n\t\t\t\t\t<\/div>\n\t\t<\/div>\n\t\t\t\t\t<\/div>\n\t\t<\/section>\n\t\t\t\t<\/div>","protected":false},"excerpt":{"rendered":"<p>Diese Seite ist der Ort f\u00fcr alles Besondere, was die Schreiber mit Amazonien verbinden. Das k\u00f6nnen alle m\u00f6glichen Erfahrungen, Beobachtungen, Erkl\u00e4rungen, Erlebnisse, Gedanken sein. F\u00fcr Nachrichten und Ereignisse haben wir [&hellip;]<\/p>","protected":false},"author":1,"featured_media":0,"parent":428,"menu_order":0,"comment_status":"closed","ping_status":"closed","template":"elementor_header_footer","meta":{"footnotes":""},"class_list":["post-482","page","type-page","status-publish","hentry"],"_links":{"self":[{"href":"https:\/\/peru-amazonico.de\/es\/wp-json\/wp\/v2\/pages\/482","targetHints":{"allow":["GET"]}}],"collection":[{"href":"https:\/\/peru-amazonico.de\/es\/wp-json\/wp\/v2\/pages"}],"about":[{"href":"https:\/\/peru-amazonico.de\/es\/wp-json\/wp\/v2\/types\/page"}],"author":[{"embeddable":true,"href":"https:\/\/peru-amazonico.de\/es\/wp-json\/wp\/v2\/users\/1"}],"replies":[{"embeddable":true,"href":"https:\/\/peru-amazonico.de\/es\/wp-json\/wp\/v2\/comments?post=482"}],"version-history":[{"count":7,"href":"https:\/\/peru-amazonico.de\/es\/wp-json\/wp\/v2\/pages\/482\/revisions"}],"predecessor-version":[{"id":1156,"href":"https:\/\/peru-amazonico.de\/es\/wp-json\/wp\/v2\/pages\/482\/revisions\/1156"}],"up":[{"embeddable":true,"href":"https:\/\/peru-amazonico.de\/es\/wp-json\/wp\/v2\/pages\/428"}],"wp:attachment":[{"href":"https:\/\/peru-amazonico.de\/es\/wp-json\/wp\/v2\/media?parent=482"}],"curies":[{"name":"wp","href":"https:\/\/api.w.org\/{rel}","templated":true}]}}